{"id":118,"date":"2017-09-09T17:59:57","date_gmt":"2017-09-09T15:59:57","guid":{"rendered":"http:\/\/www.sarashw.fi\/?page_id=118"},"modified":"2026-02-26T12:18:34","modified_gmt":"2026-02-26T10:18:34","slug":"minusta","status":"publish","type":"page","link":"https:\/\/www.sarashw.fi\/fi\/minusta\/","title":{"rendered":"Tietoa minusta"},"content":{"rendered":"<em><strong><img loading=\"lazy\" decoding=\"async\" src=\"https:\/\/www.sarashw.fi\/wp-content\/uploads\/2025\/07\/image4-225x300.jpeg\" alt=\"\" width=\"225\" height=\"300\" class=\"size-medium wp-image-1171 alignleft\" srcset=\"https:\/\/www.sarashw.fi\/wp-content\/uploads\/2025\/07\/image4-225x300.jpeg 225w, https:\/\/www.sarashw.fi\/wp-content\/uploads\/2025\/07\/image4.jpeg 240w\" sizes=\"auto, (max-width: 225px) 100vw, 225px\" \/>Kuka min\u00e4 olen?<\/strong><\/em><\/p>\n<p>Nimeni on Sara ja asun perheeni kanssa Liljendalissa, Loviisassa. Yritykseni, <em>Sara\u00b4s Ink &amp; wellness<\/em>, yhdist\u00e4\u00e4 taide ja hyvinvointi.<\/p>\n<p>Perustin yritykseni vuonna 2016, kun valmistuin <strong>koulutetuksi hierojaksi<\/strong> Porvoon hierojakoulusta. Ennen sit\u00e4 ty\u00f6skentelin 10 vuoden ajan <strong>l\u00e4hihoitajana<\/strong>, erikoistuen sairaanhoidon ja huolenpitoon.<\/p>\n<p>Vastaanottoni \/ studioni sijaitsee kotonamme rauhallisella asuinalueella mets\u00e4n laidalla. Paikalle on helppo tulla, ja pihalla on tilaa pys\u00e4k\u00f6id\u00e4 turvallisesti.<\/p>\n<p>Koulutettuna hierojana kuulun Valviran Terhikki-rekisteriin ja minulla on valtio-olovelvollisuus. Minulla on my\u00f6s pakollinen potilasvakuutus, joka takaa hoidon turvallisuuden.<\/p>\n<p>Hieronnan lis\u00e4ksi olen tehnyt taidetta jo vuosia. Olen piirt\u00e4nyt tilauksesta<strong> lyijykyn\u00e4muotokuvia<\/strong> jo 7 vuoden ajan.<\/p>\n<p>Vuonna 2024 aloitin my\u00f6s<strong> tatuointien<\/strong> tekemisen, ja olen tatuoinut 1 vuoden ajan. Syvenn\u00e4n edelleen osaamistani, mm. Torsten malmin masterclass-koulutuksen kautta.<\/p>\n<hr \/>\n<h6 style=\"text-align: left;\"><strong>K u r s s i t\u00a0 \u00a0\/\u00a0 \u00a0O p i n n o t :<\/strong><\/h6>\n<p>&nbsp;<\/p>\n<p><strong>L\u00e4hihoitaja<\/strong>, erikoistunut sairaanhoitoon ja huolenpitoon v. 2003 &#8211; 2006 i Yrkesinstitutet Prakticum i Borg\u00e5.<\/p>\n<p><strong>Koulutettu hieroja<\/strong> 2015-2016 Porvoon hierojakoulu.<\/p>\n<p><strong>Nivelten liikkuminen edist\u00e4minen<\/strong> &#8211; tutkinto osa v. 2016<\/p>\n<p><strong>Kinesioteippauksen peruskurssi<\/strong> 2016<\/p>\n<p><strong>Intialainen p\u00e4\u00e4nhieronta<\/strong> 2017<\/p>\n<p><strong>Kuumakivihieronta<\/strong> 2018<\/p>\n<p><strong>Olkap\u00e4\u00e4, impingement oireyhtym\u00e4. Tutkiminen ja kuntoutus<\/strong>. 2018<\/p>\n<p><strong>Polviongelmat. Diagnosointi ja kuntoutus<\/strong>. 2018.<\/p>\n<p><strong>Voicewell\u00ae-basic level, purentalihashieronta<\/strong> 2019<em><\/em><\/p>\n<p><em>VoiceWell\u00ae &#8211; Professional,\u00a0 \u00a0 v. 2019 &#8211; 2021:<\/em><\/p>\n<p><strong><em>VoiceWell\u00ae<\/em> -professional Osa 1<\/strong> Rintakeh\u00e4, hengitys, pallea, niska, faskian perusteet.<\/p>\n<p><strong><em>VoiceWell\u00ae<\/em> -professional<\/strong> <strong>Osa 2<\/strong> kieliluun ala- ja yl\u00e4puoliset rakenteet, niiden toiminta ja h\u00e4iri\u00f6t.<\/p>\n<p><strong><em>VoiceWell\u00ae<\/em> -professional Osa 3<\/strong> Kieli ja sen toiminta.<\/p>\n<p><strong><em>VoiceWell\u00ae<\/em> -professional<\/strong> <strong>Osa 4<\/strong> Selk\u00e4, lantio ja olkap\u00e4\u00e4t.<\/p>\n<p><strong><em>VoiceWell\u00ae<\/em> -professional extra\u00a0<\/strong>hartiat, lantio, pallea ja nilkat.<\/p>\n<p><strong>VoiceWell\u00ae \u00e4\u00e4nip\u00e4iv\u00e4 <\/strong>2022, kurkunp\u00e4\u00e4 ja \u00e4\u00e4ni.<\/p>\n<p><strong>Opi tutkimaan ja hoitamaan tenniskyyn\u00e4rp\u00e4\u00e4t\u00e4<\/strong>, Digifysio, 2023<\/p>\n<p><strong>Rintarangan mobilisointi tekniikat<\/strong> Samfysio 2023<\/p>\n<p><strong>Niskan tehokkaan hieronnan<\/strong> Samfysio 2023<\/p>\n<p><strong>Opi tutkimaan ja hoitamaan asentohuimausta<\/strong>, Digifysio, 2024<\/p>\n<p><strong>Torsten Malm tattoo masterclass<\/strong>, 2024 &#8211;<\/p>\n<p><strong>The Bissi method<\/strong> &#8211; master smooth shading, portraits course 9.4.25<\/p>\n<p>&nbsp;<\/p>\n<p>&nbsp;<\/p>\n<p>&nbsp;<\/p>\n<p>&nbsp;","protected":false},"excerpt":{"rendered":"<p>Kuka min\u00e4 olen? Nimeni on Sara ja asun perheeni kanssa Liljendalissa, Loviisassa. Yritykseni, Sara\u00b4s Ink &amp; wellness, yhdist\u00e4\u00e4 taide ja hyvinvointi. Perustin yritykseni vuonna 2016, kun valmistuin koulutetuksi hierojaksi Porvoon hierojakoulusta. Ennen sit\u00e4 ty\u00f6skentelin 10 vuoden ajan l\u00e4hihoitajana, erikoistuen sairaanhoidon ja huolenpitoon. Vastaanottoni \/ studioni sijaitsee kotonamme rauhallisella asuinalueella mets\u00e4n [&hellip;]<\/p>\n","protected":false},"author":3,"featured_media":0,"parent":0,"menu_order":5,"comment_status":"closed","ping_status":"closed","template":"","meta":{"footnotes":""},"class_list":["post-118","page","type-page","status-publish","hentry"],"yoast_head":"<!-- This site is optimized with the Yoast SEO plugin v25.6 - https:\/\/yoast.com\/wordpress\/plugins\/seo\/ -->\n<title>Tietoa minusta &#8212;<\/title>\n<meta name=\"robots\" content=\"index, follow, max-snippet:-1, max-image-preview:large, max-video-preview:-1\" \/>\n<link rel=\"canonical\" href=\"https:\/\/www.sarashw.fi\/minusta\/\" \/>\n<meta property=\"og:locale\" content=\"fi_FI\" \/>\n<meta property=\"og:type\" content=\"article\" \/>\n<meta property=\"og:title\" content=\"[:sv]Om mig[:fi]Tietoa minusta[:en]About me[:] &#8212;\" \/>\n<meta property=\"og:description\" content=\"Kuka min\u00e4 olen? Nimeni on Sara ja asun perheeni kanssa Liljendalissa, Loviisassa. Yritykseni, Sara\u00b4s Ink &amp; wellness, yhdist\u00e4\u00e4 taide ja hyvinvointi. Perustin yritykseni vuonna 2016, kun valmistuin koulutetuksi hierojaksi Porvoon hierojakoulusta. Ennen sit\u00e4 ty\u00f6skentelin 10 vuoden ajan l\u00e4hihoitajana, erikoistuen sairaanhoidon ja huolenpitoon. Vastaanottoni \/ studioni sijaitsee kotonamme rauhallisella asuinalueella mets\u00e4n [&hellip;]\" \/>\n<meta property=\"og:url\" content=\"https:\/\/www.sarashw.fi\/minusta\/\" \/>\n<meta property=\"article:modified_time\" content=\"2026-02-26T10:18:34+00:00\" \/>\n<meta property=\"og:image\" content=\"https:\/\/www.sarashw.fi\/wp-content\/uploads\/2025\/07\/image4.jpeg\" \/>\n\t<meta property=\"og:image:width\" content=\"240\" \/>\n\t<meta property=\"og:image:height\" content=\"320\" \/>\n\t<meta property=\"og:image:type\" content=\"image\/jpeg\" \/>\n<meta name=\"twitter:card\" content=\"summary_large_image\" \/>\n<meta name=\"twitter:label1\" content=\"Arvioitu lukuaika\" \/>\n\t<meta name=\"twitter:data1\" content=\"2 minuuttia\" \/>\n<script type=\"application\/ld+json\" class=\"yoast-schema-graph\">{\"@context\":\"https:\/\/schema.org\",\"@graph\":[{\"@type\":\"WebPage\",\"@id\":\"https:\/\/www.sarashw.fi\/minusta\/\",\"url\":\"https:\/\/www.sarashw.fi\/minusta\/\",\"name\":\"[:sv]Om mig[:fi]Tietoa minusta[:en]About me[:] &#8212;\",\"isPartOf\":{\"@id\":\"https:\/\/www.sarashw.fi\/#website\"},\"primaryImageOfPage\":{\"@id\":\"https:\/\/www.sarashw.fi\/minusta\/#primaryimage\"},\"image\":{\"@id\":\"https:\/\/www.sarashw.fi\/minusta\/#primaryimage\"},\"thumbnailUrl\":\"https:\/\/www.sarashw.fi\/wp-content\/uploads\/2025\/07\/image4-225x300.jpeg\",\"datePublished\":\"2017-09-09T15:59:57+00:00\",\"dateModified\":\"2026-02-26T10:18:34+00:00\",\"breadcrumb\":{\"@id\":\"https:\/\/www.sarashw.fi\/minusta\/#breadcrumb\"},\"inLanguage\":\"fi\",\"potentialAction\":[{\"@type\":\"ReadAction\",\"target\":[\"https:\/\/www.sarashw.fi\/minusta\/\"]}]},{\"@type\":\"ImageObject\",\"inLanguage\":\"fi\",\"@id\":\"https:\/\/www.sarashw.fi\/minusta\/#primaryimage\",\"url\":\"https:\/\/www.sarashw.fi\/wp-content\/uploads\/2025\/07\/image4-225x300.jpeg\",\"contentUrl\":\"https:\/\/www.sarashw.fi\/wp-content\/uploads\/2025\/07\/image4-225x300.jpeg\"},{\"@type\":\"BreadcrumbList\",\"@id\":\"https:\/\/www.sarashw.fi\/minusta\/#breadcrumb\",\"itemListElement\":[{\"@type\":\"ListItem\",\"position\":1,\"name\":\"Hem\",\"item\":\"https:\/\/www.sarashw.fi\/\"},{\"@type\":\"ListItem\",\"position\":2,\"name\":\"Om mig\"}]},{\"@type\":\"WebSite\",\"@id\":\"https:\/\/www.sarashw.fi\/#website\",\"url\":\"https:\/\/www.sarashw.fi\/\",\"name\":\"Sara\u00b4s ink & wellness\",\"description\":\"\",\"alternateName\":\"Sara\u00b4s\",\"potentialAction\":[{\"@type\":\"SearchAction\",\"target\":{\"@type\":\"EntryPoint\",\"urlTemplate\":\"https:\/\/www.sarashw.fi\/?s={search_term_string}\"},\"query-input\":{\"@type\":\"PropertyValueSpecification\",\"valueRequired\":true,\"valueName\":\"search_term_string\"}}],\"inLanguage\":\"fi\"}]}<\/script>\n<!-- \/ Yoast SEO plugin. -->","yoast_head_json":{"title":"[:sv]Om mig[:fi]Tietoa minusta[:en]About me[:] &#8212;","robots":{"index":"index","follow":"follow","max-snippet":"max-snippet:-1","max-image-preview":"max-image-preview:large","max-video-preview":"max-video-preview:-1"},"canonical":"https:\/\/www.sarashw.fi\/minusta\/","og_locale":"fi_FI","og_type":"article","og_title":"[:sv]Om mig[:fi]Tietoa minusta[:en]About me[:] &#8212;","og_description":"Kuka min\u00e4 olen? Nimeni on Sara ja asun perheeni kanssa Liljendalissa, Loviisassa. Yritykseni, Sara\u00b4s Ink &amp; wellness, yhdist\u00e4\u00e4 taide ja hyvinvointi. Perustin yritykseni vuonna 2016, kun valmistuin koulutetuksi hierojaksi Porvoon hierojakoulusta. Ennen sit\u00e4 ty\u00f6skentelin 10 vuoden ajan l\u00e4hihoitajana, erikoistuen sairaanhoidon ja huolenpitoon. Vastaanottoni \/ studioni sijaitsee kotonamme rauhallisella asuinalueella mets\u00e4n [&hellip;]","og_url":"https:\/\/www.sarashw.fi\/minusta\/","article_modified_time":"2026-02-26T10:18:34+00:00","og_image":[{"width":240,"height":320,"url":"https:\/\/www.sarashw.fi\/wp-content\/uploads\/2025\/07\/image4.jpeg","type":"image\/jpeg"}],"twitter_card":"summary_large_image","twitter_misc":{"Arvioitu lukuaika":"2 minuuttia"},"schema":{"@context":"https:\/\/schema.org","@graph":[{"@type":"WebPage","@id":"https:\/\/www.sarashw.fi\/minusta\/","url":"https:\/\/www.sarashw.fi\/minusta\/","name":"[:sv]Om mig[:fi]Tietoa minusta[:en]About me[:] &#8212;","isPartOf":{"@id":"https:\/\/www.sarashw.fi\/#website"},"primaryImageOfPage":{"@id":"https:\/\/www.sarashw.fi\/minusta\/#primaryimage"},"image":{"@id":"https:\/\/www.sarashw.fi\/minusta\/#primaryimage"},"thumbnailUrl":"https:\/\/www.sarashw.fi\/wp-content\/uploads\/2025\/07\/image4-225x300.jpeg","datePublished":"2017-09-09T15:59:57+00:00","dateModified":"2026-02-26T10:18:34+00:00","breadcrumb":{"@id":"https:\/\/www.sarashw.fi\/minusta\/#breadcrumb"},"inLanguage":"fi","potentialAction":[{"@type":"ReadAction","target":["https:\/\/www.sarashw.fi\/minusta\/"]}]},{"@type":"ImageObject","inLanguage":"fi","@id":"https:\/\/www.sarashw.fi\/minusta\/#primaryimage","url":"https:\/\/www.sarashw.fi\/wp-content\/uploads\/2025\/07\/image4-225x300.jpeg","contentUrl":"https:\/\/www.sarashw.fi\/wp-content\/uploads\/2025\/07\/image4-225x300.jpeg"},{"@type":"BreadcrumbList","@id":"https:\/\/www.sarashw.fi\/minusta\/#breadcrumb","itemListElement":[{"@type":"ListItem","position":1,"name":"Hem","item":"https:\/\/www.sarashw.fi\/"},{"@type":"ListItem","position":2,"name":"Om mig"}]},{"@type":"WebSite","@id":"https:\/\/www.sarashw.fi\/#website","url":"https:\/\/www.sarashw.fi\/","name":"Sara\u00b4s ink & wellness","description":"","alternateName":"Sara\u00b4s","potentialAction":[{"@type":"SearchAction","target":{"@type":"EntryPoint","urlTemplate":"https:\/\/www.sarashw.fi\/?s={search_term_string}"},"query-input":{"@type":"PropertyValueSpecification","valueRequired":true,"valueName":"search_term_string"}}],"inLanguage":"fi"}]}},"_links":{"self":[{"href":"https:\/\/www.sarashw.fi\/fi\/wp-json\/wp\/v2\/pages\/118","targetHints":{"allow":["GET"]}}],"collection":[{"href":"https:\/\/www.sarashw.fi\/fi\/wp-json\/wp\/v2\/pages"}],"about":[{"href":"https:\/\/www.sarashw.fi\/fi\/wp-json\/wp\/v2\/types\/page"}],"author":[{"embeddable":true,"href":"https:\/\/www.sarashw.fi\/fi\/wp-json\/wp\/v2\/users\/3"}],"replies":[{"embeddable":true,"href":"https:\/\/www.sarashw.fi\/fi\/wp-json\/wp\/v2\/comments?post=118"}],"version-history":[{"count":71,"href":"https:\/\/www.sarashw.fi\/fi\/wp-json\/wp\/v2\/pages\/118\/revisions"}],"predecessor-version":[{"id":1488,"href":"https:\/\/www.sarashw.fi\/fi\/wp-json\/wp\/v2\/pages\/118\/revisions\/1488"}],"wp:attachment":[{"href":"https:\/\/www.sarashw.fi\/fi\/wp-json\/wp\/v2\/media?parent=118"}],"curies":[{"name":"wp","href":"https:\/\/api.w.org\/{rel}","templated":true}]}}